{"id":160,"date":"2022-12-24T09:55:51","date_gmt":"2022-12-24T08:55:51","guid":{"rendered":"https:\/\/parafia.starachowice.pl\/?page_id=160"},"modified":"2026-08-30T10:33:00","modified_gmt":"2026-08-30T08:33:00","slug":"intencje-mszalne","status":"publish","type":"page","link":"https:\/\/parafia.starachowice.pl\/index.php\/intencje-mszalne\/","title":{"rendered":"Intencje mszalne"},"content":{"rendered":"\n<p class=\"wp-block-paragraph\"><\/p>\n\n\n\n<p class=\"wp-block-paragraph\">_______________________________________________________________________________________________________________________________<\/p>\n\n\n\n<p class=\"wp-block-paragraph\"><strong>INTENCJE PROSIMY SPRAWDZI\u0106 Z WYWIESZK\u0104 W GABLOCIE PARAFIALNEJ. Mog\u0105 by\u0107 b\u0142\u0119dy, prosz\u0119 sprawdzi\u0107 i je\u015bli zajdzie pomy\u0142ka przyj\u015b\u0107 do zakrystii, poprawimy. <\/strong><br><\/p>\n\n\n\n<figure class=\"wp-block-table\"><table class=\"has-fixed-layout\"><tbody><tr><td colspan=\"3\">XXII Niedziela Zwyk\u0142a 30&nbsp; sierpnia&nbsp;&nbsp;<\/td><\/tr><tr><td>08:00<\/td><td colspan=\"2\">+ Eugeniusza w 32 rocz. \u015bm. W\u0142adys\u0142aw\u0119 Cie\u015blik\u00f3w&nbsp;+ Danut\u0119 Ziej\u0119&nbsp;<\/td><\/tr><tr><td>10:00<\/td><td colspan=\"2\">W 41 rocz. \u015blubu Ewy i Krzysztofa i o Bo\u017ce b\u0142og. dla syn\u00f3w z rodzinami i opiek\u0119 Bo\u017c\u0105 dla Asi i Marceliny&nbsp;<\/td><\/tr><tr><td>11:15<\/td><td colspan=\"2\">+ Stefana Tomczyka Stefana Borkowskiego&nbsp;<\/td><\/tr><tr><td>12:30<\/td><td colspan=\"2\">+ Edwarda Krzysztofa Jana Gliw\u00f3w i zm. z&nbsp; rodz. Stawskich&nbsp;+ Mariana Mieczys\u0142aw\u0119 K\u0119pa<\/td><\/tr><tr><td>20.00<\/td><td colspan=\"2\">+ Ann\u0119 Krzysztofa Targosz w 40 rocz. \u015blubu&nbsp;<\/td><\/tr><tr><td colspan=\"3\">Poniedzia\u0142ek 31 sierpnia&nbsp;<\/td><\/tr><tr><td>07:00<\/td><td colspan=\"2\">+ Emili\u0119 Oksiut\u0119&nbsp;<\/td><\/tr><tr><td>17.30<\/td><td colspan=\"2\">+ Kazimierza Bernackiego&nbsp;<\/td><\/tr><tr><td>18:00<\/td><td colspan=\"2\">+ Krystyn\u0119 J\u00f3zefa So\u0142tysiak zm. Dziadk\u00f3w Lata\u0142\u00f3w i So\u0142tysiak\u00f3w<\/td><\/tr><tr><td colspan=\"3\">Wtorek 1 wrze\u015bnia&nbsp;<\/td><\/tr><tr><td>07:00<\/td><td colspan=\"2\">+ Jacka Wr\u00f3bla&nbsp;<\/td><\/tr><tr><td>17.00<\/td><td colspan=\"2\">1) + Jadwig\u0119 Witolda Fidos2) + El\u017cbiet\u0119 Przydatek<\/td><\/tr><tr><td>18.00<\/td><td colspan=\"2\">1) + Jadwig\u0119 Dziemb\u0119&nbsp;2) + Mariann\u0119 Grochowin\u0119&nbsp;<\/td><\/tr><tr><td colspan=\"3\">\u015aroda 2 wrze\u015bnia&nbsp;<\/td><\/tr><tr><td>07:00<\/td><td colspan=\"2\">+ Jacka Wr\u00f3bla&nbsp;<\/td><\/tr><tr><td>17.00<\/td><td colspan=\"2\">1) O Bo\u017ce b\u0142og. dla Karoliny i \u0141ukasza Cie\u015bla w 20 rocz. \u015blubu&nbsp;2)+ Stefana Uli\u0144skiego&nbsp;<\/td><\/tr><tr><td>18.00<\/td><td colspan=\"2\">O Bo\u017ce b\u0142og.&nbsp; dla Kamila i o zdrowie dla Bogus\u0142awy&nbsp;O powr\u00f3t do zdrowia dla Marii+ Zuzann\u0119 Kasperkiewicz+ Arkadiusza+ Janin\u0119 \u0141uczkiewicz<\/td><\/tr><tr><td colspan=\"3\">Czwartek 3 wrze\u015bnia&nbsp;&nbsp;<\/td><\/tr><tr><td>07.00<\/td><td colspan=\"2\">+ Jacka Wr\u00f3bla<\/td><\/tr><tr><td>17.00<\/td><td colspan=\"2\">1) + Danut\u0119 Juliusza&nbsp; Tadeusza \u0141ugowskich Katarzyn\u0119 Zygmunta B\u0105k\u00f3w2) W rocz. chrztu<\/td><\/tr><tr><td>18.00<\/td><td colspan=\"2\">1) za kap\u0142an\u00f3w&nbsp;2) + Kazimier\u0119 B\u0119bas&nbsp;<\/td><\/tr><tr><td colspan=\"3\">Pi\u0105tek 4 wrze\u015bnia&nbsp;<\/td><\/tr><tr><td>07.00<\/td><td colspan=\"2\">+ Jacka Wr\u00f3bla<\/td><\/tr><tr><td>17.00<\/td><td colspan=\"2\">+ Jadwig\u0119 Dziemb\u0119&nbsp;<\/td><\/tr><tr><td>18.00<\/td><td colspan=\"2\">1) + Mariann\u0119 Grochowin\u0119&nbsp;2) + Edwarda Maliszewskiego&nbsp;<\/td><\/tr><tr><td colspan=\"3\">Sobota 5 wrze\u015bnia&nbsp;&nbsp;<\/td><\/tr><tr><td colspan=\"2\">7.00<\/td><td>Wynagradzaj\u0105ca NS NMP&nbsp;<\/td><\/tr><tr><td colspan=\"2\">15.00<\/td><td>\u015alub&nbsp;<\/td><\/tr><tr><td colspan=\"2\">16.00<\/td><td>\u015alub&nbsp;<\/td><\/tr><tr><td colspan=\"2\">17.00<\/td><td>1) + Tadeusza Janin\u0119 Ludwikowskich&nbsp;2) + Dorot\u0119 Sarn\u0119&nbsp;<\/td><\/tr><tr><td colspan=\"2\">18.00<\/td><td>1) + El\u017cbiet\u0119 Przydatek&nbsp;2) + Ignacego Wo\u0142czyk w 18 rocz. \u015bm. Sabin\u0119 Micha\u0142a Grzegorza Wo\u0142czyk\u00f3w&nbsp;<\/td><\/tr><\/tbody><\/table><\/figure>\n","protected":false},"excerpt":{"rendered":"<p>_______________________________________________________________________________________________________________________________ INTENCJE PROSIMY SPRAWDZI\u0106 Z WYWIESZK\u0104 W GABLOCIE PARAFIALNEJ. Mog\u0105 by\u0107 b\u0142\u0119dy, prosz\u0119 sprawdzi\u0107 i je\u015bli zajdzie pomy\u0142ka przyj\u015b\u0107 do zakrystii, poprawimy. XXII Niedziela Zwyk\u0142a 30&nbsp; sierpnia&nbsp;&nbsp; 08:00 + Eugeniusza w 32 rocz. \u015bm. W\u0142adys\u0142aw\u0119 Cie\u015blik\u00f3w&nbsp;+ Danut\u0119 Ziej\u0119&nbsp; 10:00 W 41 rocz. \u015blubu Ewy i Krzysztofa i o Bo\u017ce b\u0142og. dla syn\u00f3w z rodzinami i [&hellip;]<\/p>\n","protected":false},"author":1,"featured_media":0,"parent":0,"menu_order":0,"comment_status":"closed","ping_status":"closed","template":"","meta":{"_et_pb_use_builder":"off","_et_pb_old_content":"<!-- wp:table -->\n<figure class=\"wp-block-table\"><table class=\"has-fixed-layout\"><tbody><tr><td colspan=\"2\"><strong>Niedziela 8 czerwca 2025 r.<\/strong><\/td><\/tr><tr><td><strong>8.00<\/strong><\/td><td><strong>1) + W\u0142adys\u0142awa \u017burowskiego w 13 rocz. \u015bm Jana Walentyn\u0119 Wojtasik\u00f3w<\/strong> <br><strong>2) O potrzebne \u0142aski i powr\u00f3t do zdrowia dla Arkadiusza<\/strong><\/td><\/tr><tr><td><strong>10.00<\/strong><\/td><td><strong>1) W 45 roc. \u015alubu Henryki i J\u00f3zefa Serwickich<\/strong><br> <strong>2) + Jana D\u0105browskiego w 3 rocz. \u015bm. Zuzann\u0119 Kazimierza Witolda Zygmunta D\u0105browskich<\/strong><\/td><\/tr><tr><td><strong>11.15<\/strong><\/td><td><strong>W 2 rocz. \u015bm Leszka Kenig<\/strong><\/td><\/tr><tr><td><strong>12.30<\/strong><\/td><td><strong>1)O b\u0142ogos\u0142awie\u0144stwo dla nowoochrzczomego dziecka<\/strong> <br><strong>\u00a02) W 40 rocz. urodzin Krzysztofa\u00a0<\/strong><\/td><\/tr><tr><td><strong>17.30<\/strong><\/td><td><strong>Nabo\u017ce\u0144stwo czerwcowe<\/strong><\/td><\/tr><tr><td><strong>18.00<\/strong><\/td><td><strong>greg ( 8 ) + Alicj\u0119 Le\u017cuchowsk\u0105<\/strong><\/td><\/tr><\/tbody><\/table><\/figure>\n<!-- \/wp:table -->\n\n<!-- wp:table -->\n<figure class=\"wp-block-table\"><table class=\"has-fixed-layout\"><tbody><tr><td colspan=\"2\"><strong>Poniedzia\u0142ek 9 czerwca&nbsp; 2025 r.<\/strong><\/td><\/tr><tr><td><strong>7.00<\/strong><\/td><td><strong>greg ( 9 ) + Alicj\u0119 Le\u017cuchowsk\u0105<\/strong><\/td><\/tr><tr><td><strong>17.00<\/strong><\/td><td><strong>1) W 1 rocz. urodzin Adrianny<\/strong><br> <strong>\u00a02) + Janin\u0119 Or\u0142owsk\u0105 w 2 rocz. \u015bm. J\u00f3zefa Or\u0142owskiego<\/strong><\/td><\/tr><tr><td><strong>17.30<\/strong><\/td><td><strong>Nabo\u017ce\u0144stwo czerwcowe<\/strong><\/td><\/tr><tr><td><strong>18.00<\/strong><\/td><td><strong>1) + Henryka \u015apiewaka<\/strong> <br><strong>\u00a02) + Wojciecha Kryja<\/strong><\/td><\/tr><tr><td colspan=\"2\"><strong>Wtorek 10 czerwca <\/strong><strong>&nbsp;2025 r.<\/strong><\/td><\/tr><tr><td><strong>7.00<\/strong><\/td><td><strong>1) + Piotra w 27 rocz. \u015bm Waleriana Janin\u0119<\/strong><br> <strong>2) greg ( 10 ) + Alicj\u0119 Le\u017cuchowsk\u0105<\/strong><\/td><\/tr><tr><td><strong>17.00<\/strong><\/td><td><strong>1) + Janin\u0119 Basa w 15 rocz. \u015bm i zm. z rodz.<\/strong> <br><strong>2) + Marcina Miga\u0142\u0119<\/strong><\/td><\/tr><tr><td><strong>17.30<\/strong><\/td><td><strong>Nabo\u017ce\u0144stwo czerwcowe<\/strong><\/td><\/tr><tr><td><strong>18.00<\/strong><\/td><td><strong>\u00a01) + Wojciecha Kryja<\/strong><br> <strong>2) + Tadeusza Kid\u0119<\/strong><\/td><\/tr><tr><td colspan=\"2\"><strong>\u015a<\/strong><strong>roda 11 czerwca 2025 r.<\/strong><\/td><\/tr><tr><td><strong>7.00<\/strong><\/td><td><strong>greg ( 11 ) + Alicj\u0119 Le\u017cuchowsk\u0105<\/strong><\/td><\/tr><tr><td><strong>17.00<\/strong><\/td><td><strong>1) W 20 rocz. \u015blubu Grzegorza i Doroty Skwarli\u0144skich<\/strong><br> <strong>2) + Tadeusza Kid\u0119<\/strong><\/td><\/tr><tr><td><strong>17.30<\/strong><\/td><td><strong>Nabo\u017ce\u0144stwo czerwcowe<\/strong><\/td><\/tr><tr><td><strong>18.00<\/strong><\/td><td><strong>O Bo\u017ce b\u0142og. w rocz. urodzin Anny<\/strong> <strong>O Bo\u017ce b\u0142og. w rocz. urodzin El\u017cbiety<\/strong> <br><strong>+ Alicj\u0119 Le\u017cuchowsk\u0105<\/strong> <strong>+ El\u017cbiet\u0119 Gaik \u2013 Turek<\/strong> <strong>+ Janusza Cukierskiego<\/strong> <strong>+ Stanis\u0142awa Skwarli\u0144skiego<\/strong> <strong>+ Marka Tomczy\u0144skiego<\/strong> <strong>+ Stanis\u0142aw\u0119 Pater<\/strong> <strong>+ Alicj\u0119 Lipi\u0144sk\u0105<\/strong> <strong>+ Krystyn\u0119 Wypych<\/strong> <strong>+ Zofi\u0119 Sikor\u0119<\/strong> <strong>+ Petronl\u0119, Boles\u0142awa Karola Soko\u0142owskich<\/strong><\/td><\/tr><tr><td colspan=\"2\"><strong>Czwartek 12 czerwca&nbsp;&nbsp; 2025 r. <\/strong><strong><\/strong><\/td><\/tr><tr><td><strong>7.00<\/strong><\/td><td><strong>greg ( 12 ) + Alicj\u0119 Le\u017cuchowsk\u0105<\/strong><\/td><\/tr><tr><td><strong>17.00<\/strong><\/td><td><strong>1) W intencji alumn\u00f3w WSD<\/strong> <br><strong>2) + Gabriel\u0119 Uzar<\/strong><\/td><\/tr><tr><td><strong>17.30<\/strong><\/td><td><strong>Nabo\u017ce\u0144stwo czerwcowe<\/strong><\/td><\/tr><tr><td><strong>18.00<\/strong><\/td><td><strong>1) W 1 rocz. \u015bm. Bronis\u0142awa<\/strong><br> <strong>2) + Jaros\u0142awa W\u00f3jcika w 20 rocz. \u015bm. \u00a0<\/strong><\/td><\/tr><tr><td><strong>&nbsp;<\/strong><\/td><td><strong>Pi<\/strong><strong>\u0105<\/strong><strong>tek 13 czerwca 2025 r.<\/strong><\/td><\/tr><tr><td><strong>7.00<\/strong><\/td><td><strong>greg ( 13 ) + Alicj\u0119 Le\u017cuchowsk\u0105<\/strong><\/td><\/tr><tr><td><strong>17.00<\/strong><\/td><td><strong>1) + Ryszarda P\u0142us\u0119<\/strong><br> <strong>2) + Zbigniewa J\u0119drzejczyka<\/strong><\/td><\/tr><tr><td><strong>17.30<\/strong><\/td><td><strong>Nabo\u017ce\u0144stwo czerwcowe<\/strong><\/td><\/tr><tr><td><strong>18.00<\/strong><\/td><td><strong>1) + Mariann\u0119 Miko\u0142aja Szumie\u0142<\/strong><br> <strong>2) + Jaros\u0142awa Bugajskiego<\/strong><\/td><\/tr><tr><td><strong>&nbsp;<\/strong><\/td><td><strong>Sobota 14 czerwca 2025 r.<\/strong><\/td><\/tr><tr><td><strong>7.00<\/strong><\/td><td><strong>greg ( 14 ) + Alicj\u0119 Le\u017cuchowsk\u0105<\/strong><\/td><\/tr><tr><td><strong>17.00<\/strong><\/td><td><strong>1) W 30 rocz. urodzin Ks. Bartosza Fija\u0142kowskiego<\/strong> <br><strong>2) + Jolant\u0119 Zaj\u0105c<\/strong><\/td><\/tr><tr><td><strong>17.30<\/strong><\/td><td><strong>Nabo\u017ce\u0144stwo czerwcowe<\/strong><\/td><\/tr><tr><td><strong>18.00<\/strong><\/td><td><strong>1) + Jadwig\u0119 Kaczor<\/strong><br> <strong>2) + Agnieszk\u0119 Stanis\u0142awa B\u0142\u0119dzi\u0144skich i zm. z rodz.<\/strong><\/td><\/tr><\/tbody><\/table><\/figure>\n<!-- \/wp:table -->\n\n<!-- wp:gallery {\"linkTo\":\"none\"} -->\n<figure class=\"wp-block-gallery has-nested-images columns-default is-cropped\"><\/figure>\n<!-- \/wp:gallery -->\n\n<!-- wp:image -->\n<figure class=\"wp-block-image\"><img alt=\"\"\/><\/figure>\n<!-- \/wp:image -->\n\n<!-- wp:image -->\n<figure class=\"wp-block-image\"><img alt=\"\"\/><\/figure>\n<!-- \/wp:image -->\n\n<!-- wp:gallery {\"linkTo\":\"none\"} -->\n<figure class=\"wp-block-gallery has-nested-images columns-default is-cropped\"><\/figure>\n<!-- \/wp:gallery -->\n\n<!-- wp:image -->\n<figure class=\"wp-block-image\"><img alt=\"\"\/><\/figure>\n<!-- \/wp:image -->\n\n<!-- wp:gallery {\"linkTo\":\"none\"} -->\n<figure class=\"wp-block-gallery has-nested-images columns-default is-cropped\"><\/figure>\n<!-- \/wp:gallery -->\n\n<!-- wp:gallery {\"linkTo\":\"none\"} -->\n<figure class=\"wp-block-gallery has-nested-images columns-default is-cropped\"><\/figure>\n<!-- \/wp:gallery -->\n\n<!-- wp:image -->\n<figure class=\"wp-block-image\"><img alt=\"\"\/><\/figure>\n<!-- \/wp:image -->\n\n<!-- wp:image -->\n<figure class=\"wp-block-image\"><img alt=\"\"\/><\/figure>\n<!-- \/wp:image -->","_et_gb_content_width":"","footnotes":""},"class_list":["post-160","page","type-page","status-publish","hentry"],"_links":{"self":[{"href":"https:\/\/parafia.starachowice.pl\/index.php\/wp-json\/wp\/v2\/pages\/160","targetHints":{"allow":["GET"]}}],"collection":[{"href":"https:\/\/parafia.starachowice.pl\/index.php\/wp-json\/wp\/v2\/pages"}],"about":[{"href":"https:\/\/parafia.starachowice.pl\/index.php\/wp-json\/wp\/v2\/types\/page"}],"author":[{"embeddable":true,"href":"https:\/\/parafia.starachowice.pl\/index.php\/wp-json\/wp\/v2\/users\/1"}],"replies":[{"embeddable":true,"href":"https:\/\/parafia.starachowice.pl\/index.php\/wp-json\/wp\/v2\/comments?post=160"}],"version-history":[{"count":196,"href":"https:\/\/parafia.starachowice.pl\/index.php\/wp-json\/wp\/v2\/pages\/160\/revisions"}],"predecessor-version":[{"id":1702,"href":"https:\/\/parafia.starachowice.pl\/index.php\/wp-json\/wp\/v2\/pages\/160\/revisions\/1702"}],"wp:attachment":[{"href":"https:\/\/parafia.starachowice.pl\/index.php\/wp-json\/wp\/v2\/media?parent=160"}],"curies":[{"name":"wp","href":"https:\/\/api.w.org\/{rel}","templated":true}]}}